{"id":125,"date":"2024-08-26T15:13:04","date_gmt":"2024-08-26T13:13:04","guid":{"rendered":"https:\/\/www.ozdravnemasaze.cz\/uvod\/?page_id=125"},"modified":"2024-08-26T15:16:42","modified_gmt":"2024-08-26T13:16:42","slug":"gdpr","status":"publish","type":"page","link":"https:\/\/www.ozdravnemasaze.cz\/uvod\/index.php\/gdpr\/","title":{"rendered":"GDPR"},"content":{"rendered":"\n<p class=\"has-text-align-center has-black-color has-text-color has-link-color wp-elements-7afb2414e14893a12bb850c6be3efad4\"><strong><u>Z\u00e1sady zpracov\u00e1n\u00ed osobn\u00edch \u00fadaj\u016f<\/u><\/strong><\/p>\n\n\n\n<p class=\"has-black-color has-text-color has-link-color wp-elements-b95fbf40cd9160260dc2296b8d4f286c\">1. Z\u00e1kladn\u00ed ustanoven\u00ed<\/p>\n\n\n\n<ul class=\"wp-block-list has-black-color has-text-color has-link-color wp-elements-d01591ef664b7407a90e413cee7ea9f1\">\n<li>I. Spr\u00e1vcem osobn\u00edch \u00fadaj\u016f podle \u010dl. 4 bod 7 na\u0159\u00edzen\u00ed Evropsk\u00e9ho parlamentu a Rady (EU) 2016\/679 o ochran\u011b fyzick\u00fdch osob v souvislosti se zpracov\u00e1n\u00edm osobn\u00edch \u00fadaj\u016f a o voln\u00e9m pohybu t\u011bchto \u00fadaj\u016f (d\u00e1le jen: &#8222;<strong>GDPR<\/strong>&#8222;) je\u00a0Zuzana Buchlov\u00e1\u00a0se s\u00eddlem Dykova 322, 44001 Louny\u00a0(d\u00e1le jen: &#8222;<strong>spr\u00e1vce<\/strong>&#8222;).<\/li>\n\n\n\n<li>II. Kontaktn\u00ed \u00fadaje spr\u00e1vce jsou\n<ul class=\"wp-block-list\">\n<li>I\u010cO: 04181387<\/li>\n\n\n\n<li>telefon:\u00a0+420\u00a0605\u00a0744 849<\/li>\n<\/ul>\n<\/li>\n\n\n\n<li>III. Osobn\u00edm \u00fadajem se ve smyslu na\u0159\u00edzen\u00ed Evropsk\u00e9ho parlamentu a Rady (EU) 2016\/6792016\/679 o ochran\u011b fyzick\u00fdch osob v souvislosti se zpracov\u00e1n\u00edm osobn\u00edch \u00fadaj\u016f a o voln\u00e9m pohybu t\u011bchto \u00fadaj\u016f a o zru\u0161en\u00ed sm\u011brnice 95\/46\/ES (d\u00e1le jen &#8222;GDPR&#8220;) rozum\u00ed ve\u0161ker\u00e9 informace o identifikovan\u00e9 nebo identifikovateln\u00e9 fyzick\u00e9 osob\u011b<\/li>\n<\/ul>\n\n\n\n<p class=\"has-black-color has-text-color has-link-color wp-elements-024a07d17785de68cd0d9ac5b8d4d0dc\">2. Zdroje a \u00fa\u010del zpracov\u00e1n\u00ed osobn\u00edch \u00fadaj\u016f<\/p>\n\n\n\n<ul class=\"wp-block-list has-black-color has-text-color has-link-color wp-elements-07e1a60c945188f20a6e8151208317a8\">\n<li>I. Spr\u00e1vce zpracov\u00e1v\u00e1 osobn\u00ed \u00fadaje, kter\u00e9 jste mu poskytl\/a nebo osobn\u00ed \u00fadaje, kter\u00e9 spr\u00e1vce z\u00edskal na z\u00e1klad\u011b pln\u011bn\u00ed Va\u0161\u00ed objedn\u00e1vky slu\u017eeb.<\/li>\n\n\n\n<li>II. Spr\u00e1vce zpracov\u00e1v\u00e1 Va\u0161e identifika\u010dn\u00ed a kontaktn\u00ed \u00fadaje a \u00fadaje nezbytn\u00e9 pro pln\u011bn\u00ed slu\u017eby.<\/li>\n\n\n\n<li>III. Spr\u00e1vce zpracov\u00e1v\u00e1 osobn\u00ed \u00fadaje na z\u00e1klad\u011b z\u00e1konn\u00e9ho d\u016fvodu, \u010di opr\u00e1vn\u011bn\u00e9ho z\u00e1jmu, jeho\u017e c\u00edlem je pln\u011bn\u00ed smlouvy.<\/li>\n\n\n\n<li>IV. Z\u00e1konn\u00fdm d\u016fvodem zpracov\u00e1n\u00ed osobn\u00edch \u00fadaj\u016f je\n<ul class=\"wp-block-list\">\n<li>\u2022 pln\u011bn\u00ed smlouvy mezi V\u00e1mi a spr\u00e1vcem podle \u010dl. 6 odst. 1 p\u00edsm. b) GDPR,<\/li>\n<\/ul>\n<\/li>\n<\/ul>\n\n\n\n<p class=\"has-black-color has-text-color has-link-color wp-elements-613bca611d21ae45589f20c3bd31680e\">V. \u00da\u010delem zpracov\u00e1n\u00ed osobn\u00edch \u00fadaj\u016f je<\/p>\n\n\n\n<ul class=\"wp-block-list has-black-color has-text-color has-link-color wp-elements-bdecd1cf116884a3aa1cde16805bcdd0\">\n<li>\u2022 vy\u0159\u00edzen\u00ed Va\u0161\u00ed objedn\u00e1vky a v\u00fdkon pr\u00e1v a povinnost\u00ed vypl\u00fdvaj\u00edc\u00edch ze smluvn\u00edho vztahu mezi V\u00e1mi a spr\u00e1vcem; p\u0159i objedn\u00e1vce jsou vy\u017eadov\u00e1ny osobn\u00ed \u00fadaje, kter\u00e9 jsou nutn\u00e9 pro \u00fasp\u011b\u0161n\u00e9 vy\u0159\u00edzen\u00ed objedn\u00e1vky (jm\u00e9no a adresa, kontakt, \u010d. bankovn\u00edho \u00fa\u010dtu), poskytnut\u00ed osobn\u00edch \u00fadaj\u016f je nutn\u00fdm po\u017eadavkem pro uzav\u0159en\u00ed a pln\u011bn\u00ed smlouvy, bez poskytnut\u00ed osobn\u00edch \u00fadaj\u016f nen\u00ed mo\u017en\u00e9 smlouvu uzav\u0159\u00edt \u010di j\u00ed ze strany spr\u00e1vce plnit,<\/li>\n<\/ul>\n\n\n\n<p class=\"has-black-color has-text-color has-link-color wp-elements-18f3b5aeafa1bfd013e217b71fc46f85\">3. Doba uchov\u00e1v\u00e1n\u00ed \u00fadaj\u016f<\/p>\n\n\n\n<ul class=\"wp-block-list has-black-color has-text-color has-link-color wp-elements-2a67e4c8ac7ea476bed4062b528f5206\">\n<li>I. Spr\u00e1vce uchov\u00e1v\u00e1 osobn\u00ed \u00fadaje pouze v\u00a0p\u00edsemn\u00e9 podob\u011b po dobu trv\u00e1n\u00ed poskytov\u00e1n\u00ed slu\u017eby, nejd\u00e9le v\u0161ak po dobu 5let.<\/li>\n<\/ul>\n\n\n\n<p class=\"has-black-color has-text-color has-link-color wp-elements-9512d06c8059591440e1076eee20ebbd\">4.P\u0159\u00edjemci osobn\u00edch \u00fadaj\u016f (subdodavatel\u00e9 spr\u00e1vce)<\/p>\n\n\n\n<ul class=\"wp-block-list has-black-color has-text-color has-link-color wp-elements-7c2a52565c7a3a4344dd5f58c87d7521\">\n<li>I. P\u0159\u00edjemci osobn\u00edch \u00fadaj\u016f jsou osoby:\n<ul class=\"wp-block-list\">\n<li>\u2022 pod\u00edlej\u00edc\u00ed se na dod\u00e1n\u00ed slu\u017eeb \/ realizaci plateb na z\u00e1klad\u011b smlouvy<\/li>\n<\/ul>\n<\/li>\n<\/ul>\n\n\n\n<p class=\"has-black-color has-text-color has-link-color wp-elements-31f6770f0975afbb8009c92582910845\">5.Va\u0161e pr\u00e1va<\/p>\n\n\n\n<ul class=\"wp-block-list has-black-color has-text-color has-link-color wp-elements-f166a953b781c1c40fed340fc68242a3\">\n<li>I. Za podm\u00ednek stanoven\u00fdch v GDPR m\u00e1te\n<ul class=\"wp-block-list\">\n<li>\u2022 pr\u00e1vo na p\u0159\u00edstup ke sv\u00fdm osobn\u00edm \u00fadaj\u016fm dle \u010dl. 15 GDPR,<\/li>\n\n\n\n<li>\u2022 pr\u00e1vo na opravu osobn\u00edch \u00fadaj\u016f dle \u010dl. 16 GDPR, pop\u0159\u00edpad\u011b omezen\u00ed zpracov\u00e1n\u00ed dle \u010dl. 18 GDPR.<\/li>\n\n\n\n<li>\u2022 pr\u00e1vo na v\u00fdmaz osobn\u00edch \u00fadaj\u016f dle \u010dl. 17 GDPR.<\/li>\n\n\n\n<li>\u2022 pr\u00e1vo vzn\u00e9st n\u00e1mitku proti zpracov\u00e1n\u00ed dle \u010dl. 21 GDPR a<\/li>\n\n\n\n<li>\u2022 pr\u00e1vo na p\u0159enositelnost \u00fadaj\u016f dle \u010dl. 20 GDPR.<\/li>\n\n\n\n<li>\u2022 pr\u00e1vo odvolat souhlas se zpracov\u00e1n\u00edm p\u00edsemn\u011b nebo elektronicky na adresu nebo email spr\u00e1vce uveden\u00fd v \u010dl. III t\u011bchto podm\u00ednek.<br><br><\/li>\n<\/ul>\n<\/li>\n\n\n\n<li>II. D\u00e1le m\u00e1te pr\u00e1vo podat st\u00ed\u017enost u \u00da\u0159adu pro ochranu osobn\u00edch \u00fadaj\u016f v p\u0159\u00edpad\u011b, \u017ee se domn\u00edv\u00e1te, \u017ee bylo poru\u0161eno Va\u0161\u00ed pr\u00e1vo na ochranu osobn\u00edch \u00fadaj\u016f.<\/li>\n<\/ul>\n\n\n\n<p class=\"has-black-color has-text-color has-link-color wp-elements-d75f1b11cfbac4bf5661ad594b34229f\">6.Podm\u00ednky zabezpe\u010den\u00ed osobn\u00edch \u00fadaj\u016f<\/p>\n\n\n\n<ul class=\"wp-block-list has-black-color has-text-color has-link-color wp-elements-08b3bd1b853c68d0252d1211c1c3cbbf\">\n<li>I. Spr\u00e1vce prohla\u0161uje, \u017ee p\u0159ijal ve\u0161ker\u00e1 vhodn\u00e1 technick\u00e1 a organiza\u010dn\u00ed opat\u0159en\u00ed k zabezpe\u010den\u00ed osobn\u00edch \u00fadaj\u016f.<\/li>\n\n\n\n<li>II. Spr\u00e1vce se zavazuje s\u00a0t\u011bmito \u00fadaji nakl\u00e1dat v\u00a0souladu s\u00a0pr\u00e1vn\u00edmi p\u0159edpisy ( z\u00e1k. \u010d.101\/2000sb.)\u00a0 a u\u017e\u00edvat je pouze v\u00a0rozsahu nezbytn\u00e9m pro napln\u011bn\u00ed \u00fa\u010delu, pro kter\u00fd jsou \u00fadaje z\u00edsk\u00e1v\u00e1ny a v\u017edy tak, aby zamezil jak\u00e9koliv \u00fajm\u011b osob\u011b, kter\u00e9 se \u00fadaje t\u00fdkaj\u00ed.<\/li>\n<\/ul>\n\n\n\n<p class=\"has-black-color has-text-color has-link-color wp-elements-f289600384885686d01c942bef44103f\">7. Z\u00e1v\u011bre\u010dn\u00e1 ustanoven\u00ed<\/p>\n\n\n\n<ul class=\"wp-block-list has-black-color has-text-color has-link-color wp-elements-8e210e663310cbdd9924b4d1ca60975c\">\n<li>I. Zad\u00e1n\u00edm objedn\u00e1vky potvrzujete, \u017ee jste sezn\u00e1men\/a s podm\u00ednkami ochrany osobn\u00edch \u00fadaj\u016f a \u017ee je v cel\u00e9m rozsahu p\u0159ij\u00edm\u00e1te.<\/li>\n\n\n\n<li>II. Spr\u00e1vce je opr\u00e1vn\u011bn tyto podm\u00ednky zm\u011bnit. Novou verzi podm\u00ednek ochrany osobn\u00edch \u00fadaj\u016f zve\u0159ejn\u00ed na sv\u00fdch internetov\u00fdch str\u00e1nk\u00e1ch a z\u00e1rove\u0148 V\u00e1m za\u0161le novou verzi t\u011bchto podm\u00ednek na Va\u0161i e-mailovou adresu, kterou jste spr\u00e1vci poskytl\/a.<\/li>\n<\/ul>\n\n\n\n<p>Tyto podm\u00ednky nab\u00fdvaj\u00ed \u00fa\u010dinnosti dnem 1. 9. 2024.<\/p>\n","protected":false},"excerpt":{"rendered":"<p>Z\u00e1sady zpracov\u00e1n\u00ed osobn\u00edch \u00fadaj\u016f 1. Z\u00e1kladn\u00ed ustanoven\u00ed 2. Zdroje a \u00fa\u010del zpracov\u00e1n\u00ed osobn\u00edch \u00fadaj\u016f V. \u00da\u010delem zpracov\u00e1n\u00ed osobn\u00edch \u00fadaj\u016f je 3. Doba uchov\u00e1v\u00e1n\u00ed \u00fadaj\u016f 4.P\u0159\u00edjemci osobn\u00edch \u00fadaj\u016f (subdodavatel\u00e9 spr\u00e1vce) 5.Va\u0161e pr\u00e1va 6.Podm\u00ednky zabezpe\u010den\u00ed osobn\u00edch \u00fadaj\u016f 7. Z\u00e1v\u011bre\u010dn\u00e1 ustanoven\u00ed Tyto podm\u00ednky nab\u00fdvaj\u00ed \u00fa\u010dinnosti dnem 1. 9. 2024.<\/p>\n","protected":false},"author":1,"featured_media":0,"parent":0,"menu_order":0,"comment_status":"closed","ping_status":"closed","template":"","meta":{"footnotes":""},"class_list":["post-125","page","type-page","status-publish","hentry"],"yoast_head":"<!-- This site is optimized with the Yoast SEO plugin v27.5 - https:\/\/yoast.com\/product\/yoast-seo-wordpress\/ -->\n<title>GDPR - Ozdravn\u00e9 Mas\u00e1\u017ee<\/title>\n<meta name=\"robots\" content=\"index, follow, max-snippet:-1, max-image-preview:large, max-video-preview:-1\" \/>\n<link rel=\"canonical\" href=\"https:\/\/www.ozdravnemasaze.cz\/uvod\/index.php\/gdpr\/\" \/>\n<meta property=\"og:locale\" content=\"cs_CZ\" \/>\n<meta property=\"og:type\" content=\"article\" \/>\n<meta property=\"og:title\" content=\"GDPR - Ozdravn\u00e9 Mas\u00e1\u017ee\" \/>\n<meta property=\"og:description\" content=\"Z\u00e1sady zpracov\u00e1n\u00ed osobn\u00edch \u00fadaj\u016f 1. Z\u00e1kladn\u00ed ustanoven\u00ed 2. Zdroje a \u00fa\u010del zpracov\u00e1n\u00ed osobn\u00edch \u00fadaj\u016f V. \u00da\u010delem zpracov\u00e1n\u00ed osobn\u00edch \u00fadaj\u016f je 3. Doba uchov\u00e1v\u00e1n\u00ed \u00fadaj\u016f 4.P\u0159\u00edjemci osobn\u00edch \u00fadaj\u016f (subdodavatel\u00e9 spr\u00e1vce) 5.Va\u0161e pr\u00e1va 6.Podm\u00ednky zabezpe\u010den\u00ed osobn\u00edch \u00fadaj\u016f 7. Z\u00e1v\u011bre\u010dn\u00e1 ustanoven\u00ed Tyto podm\u00ednky nab\u00fdvaj\u00ed \u00fa\u010dinnosti dnem 1. 9. 2024.\" \/>\n<meta property=\"og:url\" content=\"https:\/\/www.ozdravnemasaze.cz\/uvod\/index.php\/gdpr\/\" \/>\n<meta property=\"og:site_name\" content=\"Ozdravn\u00e9 Mas\u00e1\u017ee\" \/>\n<meta property=\"article:modified_time\" content=\"2024-08-26T13:16:42+00:00\" \/>\n<meta name=\"twitter:card\" content=\"summary_large_image\" \/>\n<meta name=\"twitter:label1\" content=\"Odhadovan\u00e1 doba \u010dten\u00ed\" \/>\n\t<meta name=\"twitter:data1\" content=\"3 minuty\" \/>\n<script type=\"application\/ld+json\" class=\"yoast-schema-graph\">{\"@context\":\"https:\\\/\\\/schema.org\",\"@graph\":[{\"@type\":\"WebPage\",\"@id\":\"https:\\\/\\\/www.ozdravnemasaze.cz\\\/uvod\\\/index.php\\\/gdpr\\\/\",\"url\":\"https:\\\/\\\/www.ozdravnemasaze.cz\\\/uvod\\\/index.php\\\/gdpr\\\/\",\"name\":\"GDPR - Ozdravn\u00e9 Mas\u00e1\u017ee\",\"isPartOf\":{\"@id\":\"https:\\\/\\\/www.ozdravnemasaze.cz\\\/uvod\\\/#website\"},\"datePublished\":\"2024-08-26T13:13:04+00:00\",\"dateModified\":\"2024-08-26T13:16:42+00:00\",\"breadcrumb\":{\"@id\":\"https:\\\/\\\/www.ozdravnemasaze.cz\\\/uvod\\\/index.php\\\/gdpr\\\/#breadcrumb\"},\"inLanguage\":\"cs\",\"potentialAction\":[{\"@type\":\"ReadAction\",\"target\":[\"https:\\\/\\\/www.ozdravnemasaze.cz\\\/uvod\\\/index.php\\\/gdpr\\\/\"]}]},{\"@type\":\"BreadcrumbList\",\"@id\":\"https:\\\/\\\/www.ozdravnemasaze.cz\\\/uvod\\\/index.php\\\/gdpr\\\/#breadcrumb\",\"itemListElement\":[{\"@type\":\"ListItem\",\"position\":1,\"name\":\"Home\",\"item\":\"https:\\\/\\\/www.ozdravnemasaze.cz\\\/uvod\\\/\"},{\"@type\":\"ListItem\",\"position\":2,\"name\":\"GDPR\"}]},{\"@type\":\"WebSite\",\"@id\":\"https:\\\/\\\/www.ozdravnemasaze.cz\\\/uvod\\\/#website\",\"url\":\"https:\\\/\\\/www.ozdravnemasaze.cz\\\/uvod\\\/\",\"name\":\"Ozdravn\u00e9 Mas\u00e1\u017ee\",\"description\":\"Ozdravn\u00e9 Mas\u00e1\u017ee\",\"potentialAction\":[{\"@type\":\"SearchAction\",\"target\":{\"@type\":\"EntryPoint\",\"urlTemplate\":\"https:\\\/\\\/www.ozdravnemasaze.cz\\\/uvod\\\/?s={search_term_string}\"},\"query-input\":{\"@type\":\"PropertyValueSpecification\",\"valueRequired\":true,\"valueName\":\"search_term_string\"}}],\"inLanguage\":\"cs\"}]}<\/script>\n<!-- \/ Yoast SEO plugin. -->","yoast_head_json":{"title":"GDPR - Ozdravn\u00e9 Mas\u00e1\u017ee","robots":{"index":"index","follow":"follow","max-snippet":"max-snippet:-1","max-image-preview":"max-image-preview:large","max-video-preview":"max-video-preview:-1"},"canonical":"https:\/\/www.ozdravnemasaze.cz\/uvod\/index.php\/gdpr\/","og_locale":"cs_CZ","og_type":"article","og_title":"GDPR - Ozdravn\u00e9 Mas\u00e1\u017ee","og_description":"Z\u00e1sady zpracov\u00e1n\u00ed osobn\u00edch \u00fadaj\u016f 1. Z\u00e1kladn\u00ed ustanoven\u00ed 2. Zdroje a \u00fa\u010del zpracov\u00e1n\u00ed osobn\u00edch \u00fadaj\u016f V. \u00da\u010delem zpracov\u00e1n\u00ed osobn\u00edch \u00fadaj\u016f je 3. Doba uchov\u00e1v\u00e1n\u00ed \u00fadaj\u016f 4.P\u0159\u00edjemci osobn\u00edch \u00fadaj\u016f (subdodavatel\u00e9 spr\u00e1vce) 5.Va\u0161e pr\u00e1va 6.Podm\u00ednky zabezpe\u010den\u00ed osobn\u00edch \u00fadaj\u016f 7. Z\u00e1v\u011bre\u010dn\u00e1 ustanoven\u00ed Tyto podm\u00ednky nab\u00fdvaj\u00ed \u00fa\u010dinnosti dnem 1. 9. 2024.","og_url":"https:\/\/www.ozdravnemasaze.cz\/uvod\/index.php\/gdpr\/","og_site_name":"Ozdravn\u00e9 Mas\u00e1\u017ee","article_modified_time":"2024-08-26T13:16:42+00:00","twitter_card":"summary_large_image","twitter_misc":{"Odhadovan\u00e1 doba \u010dten\u00ed":"3 minuty"},"schema":{"@context":"https:\/\/schema.org","@graph":[{"@type":"WebPage","@id":"https:\/\/www.ozdravnemasaze.cz\/uvod\/index.php\/gdpr\/","url":"https:\/\/www.ozdravnemasaze.cz\/uvod\/index.php\/gdpr\/","name":"GDPR - Ozdravn\u00e9 Mas\u00e1\u017ee","isPartOf":{"@id":"https:\/\/www.ozdravnemasaze.cz\/uvod\/#website"},"datePublished":"2024-08-26T13:13:04+00:00","dateModified":"2024-08-26T13:16:42+00:00","breadcrumb":{"@id":"https:\/\/www.ozdravnemasaze.cz\/uvod\/index.php\/gdpr\/#breadcrumb"},"inLanguage":"cs","potentialAction":[{"@type":"ReadAction","target":["https:\/\/www.ozdravnemasaze.cz\/uvod\/index.php\/gdpr\/"]}]},{"@type":"BreadcrumbList","@id":"https:\/\/www.ozdravnemasaze.cz\/uvod\/index.php\/gdpr\/#breadcrumb","itemListElement":[{"@type":"ListItem","position":1,"name":"Home","item":"https:\/\/www.ozdravnemasaze.cz\/uvod\/"},{"@type":"ListItem","position":2,"name":"GDPR"}]},{"@type":"WebSite","@id":"https:\/\/www.ozdravnemasaze.cz\/uvod\/#website","url":"https:\/\/www.ozdravnemasaze.cz\/uvod\/","name":"Ozdravn\u00e9 Mas\u00e1\u017ee","description":"Ozdravn\u00e9 Mas\u00e1\u017ee","potentialAction":[{"@type":"SearchAction","target":{"@type":"EntryPoint","urlTemplate":"https:\/\/www.ozdravnemasaze.cz\/uvod\/?s={search_term_string}"},"query-input":{"@type":"PropertyValueSpecification","valueRequired":true,"valueName":"search_term_string"}}],"inLanguage":"cs"}]}},"_links":{"self":[{"href":"https:\/\/www.ozdravnemasaze.cz\/uvod\/index.php\/wp-json\/wp\/v2\/pages\/125","targetHints":{"allow":["GET"]}}],"collection":[{"href":"https:\/\/www.ozdravnemasaze.cz\/uvod\/index.php\/wp-json\/wp\/v2\/pages"}],"about":[{"href":"https:\/\/www.ozdravnemasaze.cz\/uvod\/index.php\/wp-json\/wp\/v2\/types\/page"}],"author":[{"embeddable":true,"href":"https:\/\/www.ozdravnemasaze.cz\/uvod\/index.php\/wp-json\/wp\/v2\/users\/1"}],"replies":[{"embeddable":true,"href":"https:\/\/www.ozdravnemasaze.cz\/uvod\/index.php\/wp-json\/wp\/v2\/comments?post=125"}],"version-history":[{"count":2,"href":"https:\/\/www.ozdravnemasaze.cz\/uvod\/index.php\/wp-json\/wp\/v2\/pages\/125\/revisions"}],"predecessor-version":[{"id":130,"href":"https:\/\/www.ozdravnemasaze.cz\/uvod\/index.php\/wp-json\/wp\/v2\/pages\/125\/revisions\/130"}],"wp:attachment":[{"href":"https:\/\/www.ozdravnemasaze.cz\/uvod\/index.php\/wp-json\/wp\/v2\/media?parent=125"}],"curies":[{"name":"wp","href":"https:\/\/api.w.org\/{rel}","templated":true}]}}